{"id":159420,"date":"2025-09-23T03:00:44","date_gmt":"2025-09-23T01:00:44","guid":{"rendered":"https:\/\/www.mendialduamusic.com\/?post_type=portfolio&#038;p=159420"},"modified":"2025-11-05T20:38:40","modified_gmt":"2025-11-05T19:38:40","slug":"ensemble-larpeggiata","status":"publish","type":"portfolio","link":"https:\/\/www.mendialduamusic.com\/en\/portfolio\/ensemble-larpeggiata\/","title":{"rendered":"Ensemble L\u2019Arpeggiata"},"content":{"rendered":"<div class=\"wpb-content-wrapper\"><p>[vc_row row_height_percent=\u00bb0&#8243; back_color=\u00bbcolor-lxmt\u00bb overlay_alpha=\u00bb50&#8243; gutter_size=\u00bb3&#8243; column_width_percent=\u00bb100&#8243; shift_y=\u00bb0&#8243; z_index=\u00bb0&#8243; content_parallax=\u00bb0&#8243; uncode_shortcode_id=\u00bb195599&#8243; back_color_type=\u00bbuncode-palette\u00bb][vc_column column_width_percent=\u00bb100&#8243; gutter_size=\u00bb3&#8243; override_padding=\u00bbyes\u00bb column_padding=\u00bb2&#8243; overlay_alpha=\u00bb50&#8243; shift_x=\u00bb0&#8243; shift_y=\u00bb0&#8243; shift_y_down=\u00bb0&#8243; z_index=\u00bb0&#8243; medium_width=\u00bb0&#8243; mobile_width=\u00bb0&#8243; width=\u00bb1\/1&#8243; uncode_shortcode_id=\u00bb273324&#8243;][vc_row_inner][vc_column_inner column_width_percent=\u00bb100&#8243; gutter_size=\u00bb3&#8243; override_padding=\u00bbyes\u00bb column_padding=\u00bb2&#8243; overlay_alpha=\u00bb50&#8243; shift_x=\u00bb0&#8243; shift_y=\u00bb0&#8243; shift_y_down=\u00bb0&#8243; z_index=\u00bb0&#8243; medium_width=\u00bb0&#8243; mobile_width=\u00bb0&#8243; width=\u00bb1\/1&#8243; uncode_shortcode_id=\u00bb657290&#8243;][vc_column_text css_animation=\u00bbalpha-anim\u00bb animation_delay=\u00bb700&#8243; uncode_shortcode_id=\u00bb177254&#8243;]<\/p>\n<p data-start=\"139\" data-end=\"687\">\u201c&#8230; Under Pluhar\u2019s fine direction, the performers presented a repertoire that combined more conventional pieces (<em data-start=\"253\" data-end=\"265\">Romanescas<\/em> or <em data-start=\"269\" data-end=\"291\">Toccata L\u2019Arpeggiata<\/em>), in which they played with those generous harmonic bass lines, with traditional Hispano-American songs such as <em data-start=\"404\" data-end=\"417\">El curruch\u00e1<\/em> and <em data-start=\"422\" data-end=\"439\">Pajarillo verde<\/em>. Performing with great ease and a strong sense of rapport, they infused the utmost simplicity of the ostinatos with brilliance and colour, delighting in an attractive sonority and a constantly vibrant pulse that invited the audience to dance&#8230;\u201d<\/p>\n<p data-start=\"689\" data-end=\"738\"><em>Jonathan Mallada \u00c1lvarez<\/em><br data-start=\"717\" data-end=\"720\" \/>November 8, 2023<\/p>\n<p>[\/vc_column_text][\/vc_column_inner][\/vc_row_inner][\/vc_column][\/vc_row][vc_row][vc_column width=\u00bb1\/1&#8243;][vc_row_inner][vc_column_inner column_width_percent=\u00bb100&#8243; gutter_size=\u00bb3&#8243; override_padding=\u00bbyes\u00bb column_padding=\u00bb2&#8243; overlay_alpha=\u00bb50&#8243; shift_x=\u00bb0&#8243; shift_y=\u00bb0&#8243; shift_y_down=\u00bb0&#8243; z_index=\u00bb0&#8243; medium_width=\u00bb0&#8243; mobile_width=\u00bb0&#8243; width=\u00bb1\/2&#8243; uncode_shortcode_id=\u00bb119348&#8243;][vc_column_text uncode_shortcode_id=\u00bb384503&#8243;]L\u2019Arpeggiata brings together artists from diverse musical backgrounds, based in Europe and around the world, around project-programs skillfully devised by Christina Pluhar, grounded in her musicological research, her encounters, her curiosity, and her immense talent. The ensemble\u2019s sound, built upon plucked strings, is immediately recognizable.<\/p>\n<p>From its beginnings, L\u2019Arpeggiata has sought to explore the rich yet little-known repertoire of early Baroque composers from Rome, Naples, and Spain. The guiding principles of the ensemble are instrumental improvisation and research into historical instruments in the purest Baroque tradition, as well as the creation and staging of event-performances. In this way, the group promotes encounters between music and singing with other Baroque disciplines\u2014inseparable in their time\u2014such as dance and theatre, while also opening itself to diverse musical genres such as jazz and traditional music.<\/p>\n<p>True invitations to reverie, L\u2019Arpeggiata\u2019s programs reconnect with surprise and the unexpected, restoring to the Baroque its original meaning: an irregular pearl (16th century), an astonishing element (18th century).<br \/>\nThe works of the Baroque era offer L\u2019Arpeggiata a space of freedom where local and international artists flourish, where genres and traditions merge, turning each concert into a unique encounter.<\/p>\n<p>L\u2019Arpeggiata regularly collaborates with renowned soloists from the world of Baroque music (Philippe Jaroussky, Nuria Rial, Raquel Andueza, Luciana Mancini, V\u00e9ronique Gens, St\u00e9phanie d\u2019Oustrac, Cyril Auvity, Emiliano Gonzales-Toro, Dominique Visse, Jo\u00e3o Fernandes, etc.), as well as from traditional music (Lucilla Galeazzi, Vincenzo Capezzuto, Ensemble \u201cBarbara Furtuna\u201d, Misia\u2026), or other genres such as jazz and flamenco (Gianluigi Trovesi, Pepe Habichuela).<br \/>\nSince its creation, the ensemble has performed at many of Europe\u2019s most prestigious festivals and concert halls \u2014 Concertgebouw Amsterdam, Wigmore Hall London,<\/p>\n<p>Tonhalle Z\u00fcrich, Alte Oper Frankfurt, Festival de Saint-Denis, Festival de Sabl\u00e9-sur-Sarthe, Utrecht Oude Muziek, Ambronay Festival, Festival de Musique Baroque de Pontoise, Musikfestspiele Potsdam Sanssouci, Ruhrtriennale, Ludwigsburger Schlossfestspiele, Op\u00e9ra de Bordeaux, Vredenburg Centre Utrecht, Philharmonie K\u00f6ln \u2014 and worldwide: Carnegie Hall New York, Sydney City Recital Hall, Brisbane Festival, Festival Internacional Cervantino de Guanajuato, Tokyo Metropolitan Art Space, Karura Hall, among others.<\/p>\n<p>L\u2019Arpeggiata was ensemble-in-residence in 2012 and 2013 at Carnegie Hall (New York), Wigmore Hall (London), and Th\u00e9\u00e2tre de Poissy (France).[\/vc_column_text][\/vc_column_inner][vc_column_inner column_width_percent=\u00bb100&#8243; gutter_size=\u00bb3&#8243; override_padding=\u00bbyes\u00bb column_padding=\u00bb2&#8243; overlay_alpha=\u00bb50&#8243; shift_x=\u00bb0&#8243; shift_y=\u00bb0&#8243; shift_y_down=\u00bb0&#8243; z_index=\u00bb0&#8243; medium_width=\u00bb0&#8243; mobile_width=\u00bb0&#8243; width=\u00bb1\/2&#8243; uncode_shortcode_id=\u00bb155701&#8243;][vc_column_text uncode_shortcode_id=\u00bb923717&#8243;]In June 2011, the ensemble premiered the little-known opera Il Paride (1662) by Giovanni Andrea Bontempi at the Musikfestspiele Potsdam Sanssouci, in a staging by Christoph von Bernuth. The opera was revived in August 2012 at the Innsbrucker Festwochen der Alten Musik.<br \/>\nIn France and abroad, L\u2019Arpeggiata\u2019s discography has been unanimously and continuously praised by critics and audiences alike.<\/p>\n<p>Winner of the Echo Klassik Preis in 2009, 2010, and 2011 in Germany, the Edison Prize in the Netherlands (2009), and the VSCD Muziekprijs in 2008, L\u2019Arpeggiata has been consistently acclaimed for its rich discography \u2014 from its early albums with Alpha (La Villanella, Homo fugit velut umbra, La Tarantella, All\u2019Improvviso, Rappresentatione di Anima, et di Corpo), then with Na\u00efve (Los Impossibles), to its recent collaboration with EMI\/Virgin Classics (Teatro d\u2019Amore, Via Crucis, Monteverdi Vespro della Beata Vergine). The ensemble has received numerous distinctions, including 10 de Classica R\u00e9pertoire, Cannes Classical Awards, Timbre de Platine from L\u2019Op\u00e9ra International, BBC Music Magazine\u2019s Disc of the Month, Prix Exellentia Pizzicato, and ffff T\u00e9l\u00e9rama.<br \/>\nTheir latest album, Los P\u00e1jaros Perdidos (released January 2012), is dedicated to traditional Latin American music. In March 2013, Virgin Classics released Mediterr\u00e1neo, recorded with fado star M\u00edsia.<\/p>\n<p>Premiered in March 2011, the film Tous les soleils, directed by writer Philippe Claudel, was inspired by the music of L\u2019Arpeggiata\u2019s album La Tarantella. Two tracks from the album were re-recorded for the film, featuring the voice of lead actor Stefano Accorsi.<br \/>\nL\u2019Arpeggiata receives support from the Ministry of Culture \u2013 DRAC \u00cele-de-France, the Regional Council of \u00cele-de-France, and the Orange Foundation.<br \/>\nIts projects have also received assistance from Onda, Spedidam, Adami, and Culturesfrance.<br \/>\nL\u2019Arpeggiata is a member of Fevis (F\u00e9d\u00e9ration des Ensembles Vocaux et Instrumentaux Sp\u00e9cialis\u00e9s) and PROFEDIM (Union of Independent Producers, Festivals, Ensembles, and Music Distributors).[\/vc_column_text][\/vc_column_inner][\/vc_row_inner][vc_row_inner][vc_column_inner column_width_percent=\u00bb100&#8243; gutter_size=\u00bb3&#8243; override_padding=\u00bbyes\u00bb column_padding=\u00bb2&#8243; overlay_alpha=\u00bb50&#8243; shift_x=\u00bb0&#8243; shift_y=\u00bb0&#8243; shift_y_down=\u00bb0&#8243; z_index=\u00bb0&#8243; medium_width=\u00bb0&#8243; mobile_width=\u00bb0&#8243; width=\u00bb1\/2&#8243; uncode_shortcode_id=\u00bb174120&#8243;][vc_button button_color=\u00bbcolor-161817&#8243; radius=\u00bbbtn-round\u00bb wide=\u00bbyes\u00bb border_width=\u00bb0&#8243; button_color_type=\u00bbuncode-palette\u00bb uncode_shortcode_id=\u00bb167134&#8243; link=\u00bburl:https%3A%2F%2Fwww.mendialduamusic.com%2Fen%2Fartista%2Fchristina_pluhar_en.pdf\u00bb]Download Christina Pluhar Biography[\/vc_button][vc_button button_color=\u00bbcolor-161817&#8243; radius=\u00bbbtn-round\u00bb wide=\u00bbyes\u00bb border_width=\u00bb0&#8243; button_color_type=\u00bbuncode-palette\u00bb uncode_shortcode_id=\u00bb104489&#8243; link=\u00bburl:https%3A%2F%2Fwww.mendialduamusic.com%2Fen%2Fartista%2Fchristina_pluhar_es.pdf\u00bb]Descargar biograf\u00eda de Christina Pluhar[\/vc_button][\/vc_column_inner][vc_column_inner column_width_percent=\u00bb100&#8243; gutter_size=\u00bb3&#8243; override_padding=\u00bbyes\u00bb column_padding=\u00bb2&#8243; overlay_alpha=\u00bb50&#8243; shift_x=\u00bb0&#8243; shift_y=\u00bb0&#8243; shift_y_down=\u00bb0&#8243; z_index=\u00bb0&#8243; medium_width=\u00bb0&#8243; mobile_width=\u00bb0&#8243; width=\u00bb1\/2&#8243; uncode_shortcode_id=\u00bb339965&#8243;][vc_button button_color=\u00bbcolor-161817&#8243; radius=\u00bbbtn-round\u00bb wide=\u00bbyes\u00bb border_width=\u00bb0&#8243; button_color_type=\u00bbuncode-palette\u00bb uncode_shortcode_id=\u00bb135409&#8243; link=\u00bburl:https%3A%2F%2Fwww.mendialduamusic.com%2Fen%2Fartista%2FEnsemble-LArpeggiata-en.pdf\u00bb]Download biography[\/vc_button][vc_button button_color=\u00bbcolor-161817&#8243; radius=\u00bbbtn-round\u00bb wide=\u00bbyes\u00bb border_width=\u00bb0&#8243; button_color_type=\u00bbuncode-palette\u00bb uncode_shortcode_id=\u00bb746774&#8243; link=\u00bburl:https%3A%2F%2Fwww.mendialduamusic.com%2Fen%2Fartista%2FEnsemble-LArpeggiata-es.pdf\u00bb]Descargar biograf\u00eda[\/vc_button][\/vc_column_inner][\/vc_row_inner][\/vc_column][\/vc_row][vc_row row_height_percent=\u00bb0&#8243; back_color=\u00bbcolor-gyho\u00bb overlay_alpha=\u00bb50&#8243; gutter_size=\u00bb3&#8243; column_width_percent=\u00bb100&#8243; shift_y=\u00bb0&#8243; z_index=\u00bb0&#8243; content_parallax=\u00bb0&#8243; uncode_shortcode_id=\u00bb118180&#8243; back_color_type=\u00bbuncode-palette\u00bb][vc_column column_width_percent=\u00bb100&#8243; gutter_size=\u00bb3&#8243; override_padding=\u00bbyes\u00bb column_padding=\u00bb2&#8243; overlay_alpha=\u00bb50&#8243; shift_x=\u00bb0&#8243; shift_y=\u00bb0&#8243; shift_y_down=\u00bb0&#8243; z_index=\u00bb0&#8243; medium_width=\u00bb0&#8243; mobile_width=\u00bb0&#8243; width=\u00bb1\/1&#8243; uncode_shortcode_id=\u00bb273324&#8243;][vc_row_inner][vc_column_inner column_width_percent=\u00bb100&#8243; align_horizontal=\u00bbalign_center\u00bb gutter_size=\u00bb3&#8243; overlay_alpha=\u00bb50&#8243; shift_x=\u00bb0&#8243; shift_y=\u00bb0&#8243; shift_y_down=\u00bb0&#8243; z_index=\u00bb0&#8243; medium_width=\u00bb0&#8243; mobile_width=\u00bb0&#8243; width=\u00bb1\/1&#8243; uncode_shortcode_id=\u00bb107072&#8243;][vc_gallery el_id=\u00bbgallery-799062&#8243; medias=\u00bb159421,159525&#8243; gutter_size=\u00bb0&#8243; media_items=\u00bbmedia|lightbox|original,icon,caption\u00bb screen_lg=\u00bb1000&#8243; screen_md=\u00bb600&#8243; screen_sm=\u00bb480&#8243; single_width=\u00bb3&#8243; images_size=\u00bbfive-four\u00bb single_shape=\u00bbround\u00bb single_overlay_color=\u00bbcolor-161817&#8243; single_overlay_opacity=\u00bb50&#8243; single_v_position=\u00bbbottom\u00bb single_padding=\u00bb2&#8243; single_title_family=\u00bbfont-846016&#8243; single_title_dimension=\u00bbh3&#8243; single_title_weight=\u00bb400&#8243; lbox_skin=\u00bbwhite\u00bb uncode_shortcode_id=\u00bb203820&#8243;][vc_column_text uncode_shortcode_id=\u00bb801269&#8243;]<a href=\"https:\/\/arpeggiata.com\/\" target=\"_blank\" rel=\"noopener\">arpeggiata.com<\/a> \u01c0 <a href=\"https:\/\/www.instagram.com\/christinapluhar\/\" target=\"_blank\" rel=\"noopener\">Instagram<\/a> \u01c0 <a href=\"https:\/\/www.facebook.com\/larpeggiatapluhar\" target=\"_blank\" rel=\"noopener\">Facebook<\/a>[\/vc_column_text][\/vc_column_inner][\/vc_row_inner][\/vc_column][\/vc_row]<\/p>\n<\/div>","protected":false},"excerpt":{"rendered":"<p>[vc_row row_height_percent=\u00bb0&#8243; back_color=\u00bbcolor-lxmt\u00bb overlay_alpha=\u00bb50&#8243; gutter_size=\u00bb3&#8243; column_width_percent=\u00bb100&#8243; shift_y=\u00bb0&#8243; z_index=\u00bb0&#8243; content_parallax=\u00bb0&#8243; uncode_shortcode_id=\u00bb195599&#8243; back_color_type=\u00bbuncode-palette\u00bb][vc_column column_width_percent=\u00bb100&#8243; gutter_size=\u00bb3&#8243; override_padding=\u00bbyes\u00bb column_padding=\u00bb2&#8243; overlay_alpha=\u00bb50&#8243; shift_x=\u00bb0&#8243; shift_y=\u00bb0&#8243; shift_y_down=\u00bb0&#8243; z_index=\u00bb0&#8243; [&hellip;]<\/p>\n","protected":false},"author":1,"featured_media":159421,"parent":0,"menu_order":0,"comment_status":"closed","ping_status":"closed","template":"","meta":{"footnotes":""},"portfolio_category":[77],"class_list":["post-159420","portfolio","type-portfolio","status-publish","has-post-thumbnail","hentry","portfolio_category-orquesta"],"_links":{"self":[{"href":"https:\/\/www.mendialduamusic.com\/en\/wp-json\/wp\/v2\/portfolio\/159420","targetHints":{"allow":["GET"]}}],"collection":[{"href":"https:\/\/www.mendialduamusic.com\/en\/wp-json\/wp\/v2\/portfolio"}],"about":[{"href":"https:\/\/www.mendialduamusic.com\/en\/wp-json\/wp\/v2\/types\/portfolio"}],"author":[{"embeddable":true,"href":"https:\/\/www.mendialduamusic.com\/en\/wp-json\/wp\/v2\/users\/1"}],"replies":[{"embeddable":true,"href":"https:\/\/www.mendialduamusic.com\/en\/wp-json\/wp\/v2\/comments?post=159420"}],"version-history":[{"count":14,"href":"https:\/\/www.mendialduamusic.com\/en\/wp-json\/wp\/v2\/portfolio\/159420\/revisions"}],"predecessor-version":[{"id":159834,"href":"https:\/\/www.mendialduamusic.com\/en\/wp-json\/wp\/v2\/portfolio\/159420\/revisions\/159834"}],"wp:featuredmedia":[{"embeddable":true,"href":"https:\/\/www.mendialduamusic.com\/en\/wp-json\/wp\/v2\/media\/159421"}],"wp:attachment":[{"href":"https:\/\/www.mendialduamusic.com\/en\/wp-json\/wp\/v2\/media?parent=159420"}],"wp:term":[{"taxonomy":"portfolio_category","embeddable":true,"href":"https:\/\/www.mendialduamusic.com\/en\/wp-json\/wp\/v2\/portfolio_category?post=159420"}],"curies":[{"name":"wp","href":"https:\/\/api.w.org\/{rel}","templated":true}]}}